{"id":24262,"date":"2019-04-08T14:57:12","date_gmt":"2019-04-08T17:57:12","guid":{"rendered":"http:\/\/ri.unipac.br\/repositorio\/?post_type=tnc_col_282_item&#038;p=24262"},"modified":"2023-10-30T14:42:13","modified_gmt":"2023-10-30T17:42:13","slug":"a-responsabilidade-civil-em-casos-de-abandono-afetivo-paterno-filial","status":"publish","type":"tnc_col_282_item","link":"https:\/\/ri.unipac.br\/repositorio\/trabalhos-academicos\/a-responsabilidade-civil-em-casos-de-abandono-afetivo-paterno-filial\/","title":{"rendered":"A responsabilidade civil em casos de abandono afetivo paterno-filial."},"content":{"rendered":"<p>Orientador: M\u00f4nica Cec\u00edlio Rodrigues.<\/p>\n<p>Banca examinadora: M\u00f4nica Cec\u00edlio Rodrigues, Rossana Cussi Jer\u00f4nimo, Glays Marcel da Costa.<\/p>\n<p>Resumo:<br \/>\nO presente trabalho trata da possibilidade de repara\u00e7\u00e3o por danos morais, neste caso, o psicol\u00f3gico, como consequ\u00eancia do descumprimento dos deveres parentais, especificamente dos deveres imateriais. Analisa os direitos assegurados os filhos no \u00e2mbito familiar, tais como dignidade da pessoa humana, previsto no artigo 1\u00b0, III, da Constitui\u00e7\u00e3o Federal, os direitos elencados no artigo 4\u00b0 do Estatuto da Crian\u00e7a e do Adolescente, bem como o princ\u00edpio da afetividade previsto no artigo 1.511 do C\u00f3digo Civil. Visa esclarecer que as crian\u00e7as e\/ou adolescentes que sofreram abandono afetivo filial, tiveram o seu direito de afeto, conviv\u00eancia familiar e dignidade violados, e apontar qual o embasamento jur\u00eddico para a resolu\u00e7\u00e3o deste conflito.<br \/>\nPalavras-chave: Crian\u00e7a. Adolescente. Dignidade da pessoa humana. Abandono. Responsabilidade civil.<\/p>\n","protected":false},"featured_media":254386,"parent":0,"menu_order":0,"comment_status":"open","ping_status":"closed","template":"","format":"standard","tnc_tax_87599":[],"tnc_tax_85119":[726,603],"tnc_tax_71119":[],"tnc_tax_69261":[],"tnc_tax_25656":[],"yoast_head":"<!-- This site is optimized with the Yoast SEO plugin v19.13 - https:\/\/yoast.com\/wordpress\/plugins\/seo\/ -->\n<title>A responsabilidade civil em casos de abandono afetivo paterno-filial. - Reposit\u00f3rio Institucional FUPAC\/UNIPAC<\/title>\n<meta name=\"robots\" content=\"index, follow, max-snippet:-1, max-image-preview:large, max-video-preview:-1\" \/>\n<link rel=\"canonical\" href=\"https:\/\/ri.unipac.br\/repositorio\/trabalhos-academicos\/a-responsabilidade-civil-em-casos-de-abandono-afetivo-paterno-filial\/\" \/>\n<meta property=\"og:locale\" content=\"pt_BR\" \/>\n<meta property=\"og:type\" content=\"article\" \/>\n<meta property=\"og:title\" content=\"A responsabilidade civil em casos de abandono afetivo paterno-filial. - Reposit\u00f3rio Institucional FUPAC\/UNIPAC\" \/>\n<meta property=\"og:description\" content=\"Orientador: M\u00f4nica Cec\u00edlio Rodrigues. Banca examinadora: M\u00f4nica Cec\u00edlio Rodrigues, Rossana Cussi Jer\u00f4nimo, Glays Marcel da Costa. Resumo: O presente trabalho trata da possibilidade de repara\u00e7\u00e3o por danos morais, neste caso, o psicol\u00f3gico, como consequ\u00eancia do descumprimento dos deveres parentais, especificamente dos deveres imateriais. Analisa os direitos assegurados os filhos no \u00e2mbito familiar, tais como dignidade [&hellip;]\" \/>\n<meta property=\"og:url\" content=\"https:\/\/ri.unipac.br\/repositorio\/trabalhos-academicos\/a-responsabilidade-civil-em-casos-de-abandono-afetivo-paterno-filial\/\" \/>\n<meta property=\"og:site_name\" content=\"Reposit\u00f3rio Institucional FUPAC\/UNIPAC\" \/>\n<meta property=\"article:publisher\" content=\"https:\/\/www.facebook.com\/bibliotecaunipac\" \/>\n<meta property=\"article:modified_time\" content=\"2023-10-30T17:42:13+00:00\" \/>\n<meta property=\"og:image\" content=\"https:\/\/ri.unipac.br\/repositorio\/wp-content\/uploads\/2023\/09\/cropped-cropped-cropped-cropped-cropped-cropped-cropped-cropped-cropped-cropped-cropped-cropped-cropped-cropped-Trabalhos-Academicos-1.png\" \/>\n\t<meta property=\"og:image:width\" content=\"311\" \/>\n\t<meta property=\"og:image:height\" content=\"311\" \/>\n\t<meta property=\"og:image:type\" content=\"image\/png\" \/>\n<meta name=\"twitter:card\" content=\"summary_large_image\" \/>\n<meta name=\"twitter:label1\" content=\"Est. tempo de leitura\" \/>\n\t<meta name=\"twitter:data1\" content=\"1 minuto\" \/>\n<script type=\"application\/ld+json\" class=\"yoast-schema-graph\">{\"@context\":\"https:\/\/schema.org\",\"@graph\":[{\"@type\":\"WebPage\",\"@id\":\"https:\/\/ri.unipac.br\/repositorio\/trabalhos-academicos\/a-responsabilidade-civil-em-casos-de-abandono-afetivo-paterno-filial\/\",\"url\":\"https:\/\/ri.unipac.br\/repositorio\/trabalhos-academicos\/a-responsabilidade-civil-em-casos-de-abandono-afetivo-paterno-filial\/\",\"name\":\"A responsabilidade civil em casos de abandono afetivo paterno-filial. - Reposit\u00f3rio Institucional FUPAC\/UNIPAC\",\"isPartOf\":{\"@id\":\"https:\/\/ri.unipac.br\/repositorio\/#website\"},\"datePublished\":\"2019-04-08T17:57:12+00:00\",\"dateModified\":\"2023-10-30T17:42:13+00:00\",\"breadcrumb\":{\"@id\":\"https:\/\/ri.unipac.br\/repositorio\/trabalhos-academicos\/a-responsabilidade-civil-em-casos-de-abandono-afetivo-paterno-filial\/#breadcrumb\"},\"inLanguage\":\"pt-BR\",\"potentialAction\":[{\"@type\":\"ReadAction\",\"target\":[\"https:\/\/ri.unipac.br\/repositorio\/trabalhos-academicos\/a-responsabilidade-civil-em-casos-de-abandono-afetivo-paterno-filial\/\"]}]},{\"@type\":\"BreadcrumbList\",\"@id\":\"https:\/\/ri.unipac.br\/repositorio\/trabalhos-academicos\/a-responsabilidade-civil-em-casos-de-abandono-afetivo-paterno-filial\/#breadcrumb\",\"itemListElement\":[{\"@type\":\"ListItem\",\"position\":1,\"name\":\"In\u00edcio\",\"item\":\"https:\/\/ri.unipac.br\/repositorio\/\"},{\"@type\":\"ListItem\",\"position\":2,\"name\":\"Trabalhos Acad\u00eamicos\",\"item\":\"https:\/\/ri.unipac.br\/repositorio\/trabalhos-academicos\/\"},{\"@type\":\"ListItem\",\"position\":3,\"name\":\"A responsabilidade civil em casos de abandono afetivo paterno-filial.\"}]},{\"@type\":\"WebSite\",\"@id\":\"https:\/\/ri.unipac.br\/repositorio\/#website\",\"url\":\"https:\/\/ri.unipac.br\/repositorio\/\",\"name\":\"Reposit\u00f3rio Institucional FUPAC\/UNIPAC\",\"description\":\"Reposit\u00f3rio Institucional FUPAC\/UNIPAC\",\"publisher\":{\"@id\":\"https:\/\/ri.unipac.br\/repositorio\/#organization\"},\"potentialAction\":[{\"@type\":\"SearchAction\",\"target\":{\"@type\":\"EntryPoint\",\"urlTemplate\":\"https:\/\/ri.unipac.br\/repositorio\/?s={search_term_string}\"},\"query-input\":\"required name=search_term_string\"}],\"inLanguage\":\"pt-BR\"},{\"@type\":\"Organization\",\"@id\":\"https:\/\/ri.unipac.br\/repositorio\/#organization\",\"name\":\"Reposit\u00f3rio Institucional FUPAC\/UNIPAC\",\"url\":\"https:\/\/ri.unipac.br\/repositorio\/\",\"logo\":{\"@type\":\"ImageObject\",\"inLanguage\":\"pt-BR\",\"@id\":\"https:\/\/ri.unipac.br\/repositorio\/#\/schema\/logo\/image\/\",\"url\":\"https:\/\/ri.unipac.br\/repositorio\/wp-content\/uploads\/2019\/01\/cropped-Logorepositorio-2.png\",\"contentUrl\":\"https:\/\/ri.unipac.br\/repositorio\/wp-content\/uploads\/2019\/01\/cropped-Logorepositorio-2.png\",\"width\":25,\"height\":25,\"caption\":\"Reposit\u00f3rio Institucional FUPAC\/UNIPAC\"},\"image\":{\"@id\":\"https:\/\/ri.unipac.br\/repositorio\/#\/schema\/logo\/image\/\"},\"sameAs\":[\"https:\/\/www.facebook.com\/bibliotecaunipac\"]}]}<\/script>\n<!-- \/ Yoast SEO plugin. -->","yoast_head_json":{"title":"A responsabilidade civil em casos de abandono afetivo paterno-filial. - Reposit\u00f3rio Institucional FUPAC\/UNIPAC","robots":{"index":"index","follow":"follow","max-snippet":"max-snippet:-1","max-image-preview":"max-image-preview:large","max-video-preview":"max-video-preview:-1"},"canonical":"https:\/\/ri.unipac.br\/repositorio\/trabalhos-academicos\/a-responsabilidade-civil-em-casos-de-abandono-afetivo-paterno-filial\/","og_locale":"pt_BR","og_type":"article","og_title":"A responsabilidade civil em casos de abandono afetivo paterno-filial. - Reposit\u00f3rio Institucional FUPAC\/UNIPAC","og_description":"Orientador: M\u00f4nica Cec\u00edlio Rodrigues. Banca examinadora: M\u00f4nica Cec\u00edlio Rodrigues, Rossana Cussi Jer\u00f4nimo, Glays Marcel da Costa. Resumo: O presente trabalho trata da possibilidade de repara\u00e7\u00e3o por danos morais, neste caso, o psicol\u00f3gico, como consequ\u00eancia do descumprimento dos deveres parentais, especificamente dos deveres imateriais. Analisa os direitos assegurados os filhos no \u00e2mbito familiar, tais como dignidade [&hellip;]","og_url":"https:\/\/ri.unipac.br\/repositorio\/trabalhos-academicos\/a-responsabilidade-civil-em-casos-de-abandono-afetivo-paterno-filial\/","og_site_name":"Reposit\u00f3rio Institucional FUPAC\/UNIPAC","article_publisher":"https:\/\/www.facebook.com\/bibliotecaunipac","article_modified_time":"2023-10-30T17:42:13+00:00","og_image":[{"width":311,"height":311,"url":"https:\/\/ri.unipac.br\/repositorio\/wp-content\/uploads\/2023\/09\/cropped-cropped-cropped-cropped-cropped-cropped-cropped-cropped-cropped-cropped-cropped-cropped-cropped-cropped-Trabalhos-Academicos-1.png","type":"image\/png"}],"twitter_card":"summary_large_image","twitter_misc":{"Est. tempo de leitura":"1 minuto"},"schema":{"@context":"https:\/\/schema.org","@graph":[{"@type":"WebPage","@id":"https:\/\/ri.unipac.br\/repositorio\/trabalhos-academicos\/a-responsabilidade-civil-em-casos-de-abandono-afetivo-paterno-filial\/","url":"https:\/\/ri.unipac.br\/repositorio\/trabalhos-academicos\/a-responsabilidade-civil-em-casos-de-abandono-afetivo-paterno-filial\/","name":"A responsabilidade civil em casos de abandono afetivo paterno-filial. - Reposit\u00f3rio Institucional FUPAC\/UNIPAC","isPartOf":{"@id":"https:\/\/ri.unipac.br\/repositorio\/#website"},"datePublished":"2019-04-08T17:57:12+00:00","dateModified":"2023-10-30T17:42:13+00:00","breadcrumb":{"@id":"https:\/\/ri.unipac.br\/repositorio\/trabalhos-academicos\/a-responsabilidade-civil-em-casos-de-abandono-afetivo-paterno-filial\/#breadcrumb"},"inLanguage":"pt-BR","potentialAction":[{"@type":"ReadAction","target":["https:\/\/ri.unipac.br\/repositorio\/trabalhos-academicos\/a-responsabilidade-civil-em-casos-de-abandono-afetivo-paterno-filial\/"]}]},{"@type":"BreadcrumbList","@id":"https:\/\/ri.unipac.br\/repositorio\/trabalhos-academicos\/a-responsabilidade-civil-em-casos-de-abandono-afetivo-paterno-filial\/#breadcrumb","itemListElement":[{"@type":"ListItem","position":1,"name":"In\u00edcio","item":"https:\/\/ri.unipac.br\/repositorio\/"},{"@type":"ListItem","position":2,"name":"Trabalhos Acad\u00eamicos","item":"https:\/\/ri.unipac.br\/repositorio\/trabalhos-academicos\/"},{"@type":"ListItem","position":3,"name":"A responsabilidade civil em casos de abandono afetivo paterno-filial."}]},{"@type":"WebSite","@id":"https:\/\/ri.unipac.br\/repositorio\/#website","url":"https:\/\/ri.unipac.br\/repositorio\/","name":"Reposit\u00f3rio Institucional FUPAC\/UNIPAC","description":"Reposit\u00f3rio Institucional FUPAC\/UNIPAC","publisher":{"@id":"https:\/\/ri.unipac.br\/repositorio\/#organization"},"potentialAction":[{"@type":"SearchAction","target":{"@type":"EntryPoint","urlTemplate":"https:\/\/ri.unipac.br\/repositorio\/?s={search_term_string}"},"query-input":"required name=search_term_string"}],"inLanguage":"pt-BR"},{"@type":"Organization","@id":"https:\/\/ri.unipac.br\/repositorio\/#organization","name":"Reposit\u00f3rio Institucional FUPAC\/UNIPAC","url":"https:\/\/ri.unipac.br\/repositorio\/","logo":{"@type":"ImageObject","inLanguage":"pt-BR","@id":"https:\/\/ri.unipac.br\/repositorio\/#\/schema\/logo\/image\/","url":"https:\/\/ri.unipac.br\/repositorio\/wp-content\/uploads\/2019\/01\/cropped-Logorepositorio-2.png","contentUrl":"https:\/\/ri.unipac.br\/repositorio\/wp-content\/uploads\/2019\/01\/cropped-Logorepositorio-2.png","width":25,"height":25,"caption":"Reposit\u00f3rio Institucional FUPAC\/UNIPAC"},"image":{"@id":"https:\/\/ri.unipac.br\/repositorio\/#\/schema\/logo\/image\/"},"sameAs":["https:\/\/www.facebook.com\/bibliotecaunipac"]}]}},"_links":{"self":[{"href":"https:\/\/ri.unipac.br\/repositorio\/wp-json\/wp\/v2\/tnc_col_282_item\/24262"}],"collection":[{"href":"https:\/\/ri.unipac.br\/repositorio\/wp-json\/wp\/v2\/tnc_col_282_item"}],"about":[{"href":"https:\/\/ri.unipac.br\/repositorio\/wp-json\/wp\/v2\/types\/tnc_col_282_item"}],"replies":[{"embeddable":true,"href":"https:\/\/ri.unipac.br\/repositorio\/wp-json\/wp\/v2\/comments?post=24262"}],"version-history":[{"count":11,"href":"https:\/\/ri.unipac.br\/repositorio\/wp-json\/wp\/v2\/tnc_col_282_item\/24262\/revisions"}],"predecessor-version":[{"id":62476,"href":"https:\/\/ri.unipac.br\/repositorio\/wp-json\/wp\/v2\/tnc_col_282_item\/24262\/revisions\/62476"}],"wp:featuredmedia":[{"embeddable":true,"href":"https:\/\/ri.unipac.br\/repositorio\/wp-json\/wp\/v2\/media\/254386"}],"wp:attachment":[{"href":"https:\/\/ri.unipac.br\/repositorio\/wp-json\/wp\/v2\/media?parent=24262"}],"wp:term":[{"taxonomy":"tnc_tax_87599","embeddable":true,"href":"https:\/\/ri.unipac.br\/repositorio\/wp-json\/wp\/v2\/tnc_tax_87599?post=24262"},{"taxonomy":"tnc_tax_85119","embeddable":true,"href":"https:\/\/ri.unipac.br\/repositorio\/wp-json\/wp\/v2\/tnc_tax_85119?post=24262"},{"taxonomy":"tnc_tax_71119","embeddable":true,"href":"https:\/\/ri.unipac.br\/repositorio\/wp-json\/wp\/v2\/tnc_tax_71119?post=24262"},{"taxonomy":"tnc_tax_69261","embeddable":true,"href":"https:\/\/ri.unipac.br\/repositorio\/wp-json\/wp\/v2\/tnc_tax_69261?post=24262"},{"taxonomy":"tnc_tax_25656","embeddable":true,"href":"https:\/\/ri.unipac.br\/repositorio\/wp-json\/wp\/v2\/tnc_tax_25656?post=24262"}],"curies":[{"name":"wp","href":"https:\/\/api.w.org\/{rel}","templated":true}]}}